{"id":19,"date":"2016-08-03T07:21:31","date_gmt":"2016-08-03T06:21:31","guid":{"rendered":"http:\/\/landpastoral-schoenenberg.eu\/?page_id=19"},"modified":"2026-03-16T17:58:06","modified_gmt":"2026-03-16T16:58:06","slug":"wir-ueber-uns","status":"publish","type":"page","link":"https:\/\/landpastoral-schoenenberg.de\/?page_id=19","title":{"rendered":"Das sind wir"},"content":{"rendered":"\n<p><\/p>\n\n\n\n<div class=\"wp-block-group alignwide\"><div class=\"wp-block-group__inner-container is-layout-constrained wp-block-group-is-layout-constrained\"><div class=\"wp-block-image\">\n<figure class=\"alignright size-large is-resized\"><img loading=\"lazy\" decoding=\"async\" width=\"1024\" height=\"684\" src=\"https:\/\/landpastoral-schoenenberg.de\/wp-content\/uploads\/2023\/10\/DSC07462-1024x684.jpg\" alt=\"\" class=\"wp-image-4700\" style=\"width:400px\"\/><\/figure>\n<\/div>\n\n\n<h3 class=\"wp-block-heading\"><figure><img loading=\"lazy\" decoding=\"async\" class=\"wp-image-2787  alignnone\" src=\"http:\/\/landpastoral-schoenenberg.eu\/wp-content\/uploads\/2020\/11\/LPLogo-930x1024.jpg\" alt=\"\" width=\"181\" height=\"200\" srcset=\"https:\/\/landpastoral-schoenenberg.de\/wp-content\/uploads\/2020\/11\/LPLogo-930x1024.jpg 930w, https:\/\/landpastoral-schoenenberg.de\/wp-content\/uploads\/2020\/11\/LPLogo-273x300.jpg 273w, https:\/\/landpastoral-schoenenberg.de\/wp-content\/uploads\/2020\/11\/LPLogo-768x845.jpg 768w, https:\/\/landpastoral-schoenenberg.de\/wp-content\/uploads\/2020\/11\/LPLogo-1395x1536.jpg 1395w, https:\/\/landpastoral-schoenenberg.de\/wp-content\/uploads\/2020\/11\/LPLogo.jpg 1478w\" sizes=\"auto, (max-width: 181px) 100vw, 181px\" \/><\/figure><\/h3>\n\n\n\n<h3 class=\"wp-block-heading\"><strong>Herzlich Willkommen bei der Landpastoral Sch\u00f6nenberg!<\/strong><\/h3>\n<\/div><\/div>\n\n\n\n<p>Die Landpastoral Sch\u00f6nenberg ist eine Einrichtung des <a href=\"http:\/\/dekanat-ostalb.drs.de\/\">Dekanats Ostalb<\/a> in der <a href=\"http:\/\/www.drs.de\/startseite.html\">Di\u00f6zese Rottenburg-Stuttgart<\/a>.<br>Wir unterst\u00fctzen die Arbeit in den Kirchengemeinden im l\u00e4ndlichen Raum, begleiten Ehrenamtliche in Aus- und Weiterbildungen und bieten spirituelle Angebote f\u00fcr Gruppen, Einzelne und Gemeinden. Durch das Angebot von seelsorgerlichen Gespr\u00e4chen m\u00f6chten wir Menschen in ihrer Suche nach erf\u00fclltem Leben und Orientierung im Glauben unterst\u00fctzen und begleiten.<br>Wir haben unseren Standort im<a href=\"https:\/\/www.haus-schoenenberg.de\"> Haus Sch\u00f6nenberg<\/a>, einem Tagungshaus der Di\u00f6zese und bieten im Haus Kurse mit verschiedenen Referenten und Referentinnen an.<\/p>\n\n\n\n<hr class=\"wp-block-separator has-alpha-channel-opacity\"\/>\n\n\n\n<h2 class=\"wp-block-heading\"><strong>Unser Team<\/strong><\/h2>\n\n\n<div class=\"wp-block-image\">\n<figure class=\"alignright\"><img loading=\"lazy\" decoding=\"async\" width=\"200\" height=\"300\" src=\"https:\/\/landpastoral-schoenenberg.de\/wp-content\/uploads\/2022\/12\/Ansgar-Baumann-3-200x300.jpg\" alt=\"\" class=\"wp-image-4296\" srcset=\"https:\/\/landpastoral-schoenenberg.de\/wp-content\/uploads\/2022\/12\/Ansgar-Baumann-3-200x300.jpg 200w, https:\/\/landpastoral-schoenenberg.de\/wp-content\/uploads\/2022\/12\/Ansgar-Baumann-3-684x1024.jpg 684w, https:\/\/landpastoral-schoenenberg.de\/wp-content\/uploads\/2022\/12\/Ansgar-Baumann-3-768x1150.jpg 768w, https:\/\/landpastoral-schoenenberg.de\/wp-content\/uploads\/2022\/12\/Ansgar-Baumann-3-1026x1536.jpg 1026w, https:\/\/landpastoral-schoenenberg.de\/wp-content\/uploads\/2022\/12\/Ansgar-Baumann-3-1368x2048.jpg 1368w, https:\/\/landpastoral-schoenenberg.de\/wp-content\/uploads\/2022\/12\/Ansgar-Baumann-3-scaled.jpg 1710w\" sizes=\"auto, (max-width: 200px) 100vw, 200px\" \/><\/figure>\n<\/div>\n\n\n<p><strong>Ansgar Baumann<\/strong><br>Theologe und Sozialp\u00e4dagoge<br>Tel. (07961) 92 49 170 &#8211; 13<br>eMail:&nbsp; <a href=\"mailto:Ansgar.Baumann@drs.de\">Ansgar.Baumann@drs.de<\/a><\/p>\n\n\n\n<p>Auf der Ostalb bin ich 1971 geboren und in Rainau-Dalkingen aufgewachsen. Nach dem Abitur und Zivildienst hier in Ellwangen sowie dem Sprachenseminar in Ehingen studierte ich zun\u00e4chst kath. Theologie in T\u00fcbingen bzw. Bologna und im Anschluss Sozialp\u00e4dagogik in Heidenheim. Berufliche Erfahrungen durfte ich im Kinderheim Graf sowie der Seelsorgeeinheit Ellwangen sammeln, bevor ich mit dem Referendariat die Grundlagen f\u00fcr das Unterrichten der kath. Religion erlangte. Seit 2003 bin ich als Religionslehrer in Teilzeit am Hariolf-Gymnasium t\u00e4tig. Daneben war ich bis 2022 im Sch\u00fclerhort Borrom\u00e4um, von dem ich ab 2012 auch die Leitung innehatte, t\u00e4tig. Neben der Arbeit mit den Sch\u00fclern freue ich mich auf die Begegnung mit Menschen und den Austausch im Glauben an Jesus Christus in der Landpastoral auf dem Sch\u00f6nenberg.<\/p>\n\n\n\n<hr class=\"wp-block-separator has-alpha-channel-opacity\"\/>\n\n\n<div class=\"wp-block-image\">\n<figure class=\"alignright\"><img loading=\"lazy\" decoding=\"async\" width=\"218\" height=\"300\" src=\"https:\/\/landpastoral-schoenenberg.de\/wp-content\/uploads\/2022\/12\/Ingrid-Beck-2-218x300.jpg\" alt=\"\" class=\"wp-image-4290\" srcset=\"https:\/\/landpastoral-schoenenberg.de\/wp-content\/uploads\/2022\/12\/Ingrid-Beck-2-218x300.jpg 218w, https:\/\/landpastoral-schoenenberg.de\/wp-content\/uploads\/2022\/12\/Ingrid-Beck-2-743x1024.jpg 743w, https:\/\/landpastoral-schoenenberg.de\/wp-content\/uploads\/2022\/12\/Ingrid-Beck-2-768x1058.jpg 768w, https:\/\/landpastoral-schoenenberg.de\/wp-content\/uploads\/2022\/12\/Ingrid-Beck-2-1115x1536.jpg 1115w, https:\/\/landpastoral-schoenenberg.de\/wp-content\/uploads\/2022\/12\/Ingrid-Beck-2-1487x2048.jpg 1487w, https:\/\/landpastoral-schoenenberg.de\/wp-content\/uploads\/2022\/12\/Ingrid-Beck-2-scaled.jpg 1859w\" sizes=\"auto, (max-width: 218px) 100vw, 218px\" \/><\/figure>\n<\/div>\n\n\n<p><strong><\/strong><strong><br>Ingrid Beck<br><\/strong>Religionsp\u00e4dagogin (FA), Gemeindereferentin mit Zusatzqualifikationen in Trauerbegleitung&nbsp;(BVT e.V.), Traumasensibler Seelsorge, Bibliolog, Ritualleitung sowie spiritueller Anleitung<br>Tel. (07961) 92 49 170 &#8211; 12<br>E-Mail: <a href=\"mailto:Ingrid.Beck@drs.de\">Ingrid.Beck@drs.de<\/a><\/p>\n\n\n\n<p>Jahrgang 1966, verheiratet, 2 Kinder<\/p>\n\n\n\n<p>Nach meinem Abitur in Schw\u00e4bisch Hall absolvierte ich zuerst eine Ausbildung als Industriekauffrau und studierte anschlie\u00dfend in Freiburg Religionsp\u00e4dagogik. 1994 wurde ich als Gemeindereferentin beauftragt und war in verschiedenen Gemeinden bzw. Seelsorgeeinheiten in den unterschiedlichsten Bereichen der Pastoral t\u00e4tig, wie z.B. Firm- und Erstkommunionvorbereitung, Bibelarbeit, Jugendarbeit, Kinder- und Familienliturgie, Gottesdienstgestaltung, Predigt- und Beerdigungsdienst, Begleitung Ehrenamtlicher, Kindergartenbeauftragte Pastoral\u2026.<br>Seit April 2020 arbeite ich als Seelsorgerin und Referentin in der Landpastoral mit den <strong>Schwerpunkten<\/strong> Trauerbegleitung (Einzelbegleitung und Gruppenangebote), seelsorgerliche Gespr\u00e4che, Meditationsangebote und andere spirituelle Veranstaltungen im Tagungshaus und vor Ort, Aus- und Fortbildung liturgischer Dienste und Bibliolog.<br>Ich freue mich auf Begegnungen, auf Gespr\u00e4che und darauf gemeinsam ein wenig vom Reich und der Wirklichkeit Gottes aufblitzen zu lassen.<\/p>\n\n\n\n<hr class=\"wp-block-separator has-alpha-channel-opacity\"\/>\n\n\n<div class=\"wp-block-image\">\n<figure class=\"alignright\"><img loading=\"lazy\" decoding=\"async\" width=\"225\" height=\"300\" src=\"https:\/\/landpastoral-schoenenberg.de\/wp-content\/uploads\/2022\/12\/Andrea-Koeder-2-scaled-e1670511858258-225x300.jpg\" alt=\"\" class=\"wp-image-4295\" srcset=\"https:\/\/landpastoral-schoenenberg.de\/wp-content\/uploads\/2022\/12\/Andrea-Koeder-2-scaled-e1670511858258-225x300.jpg 225w, https:\/\/landpastoral-schoenenberg.de\/wp-content\/uploads\/2022\/12\/Andrea-Koeder-2-scaled-e1670511858258-768x1025.jpg 768w, https:\/\/landpastoral-schoenenberg.de\/wp-content\/uploads\/2022\/12\/Andrea-Koeder-2-scaled-e1670511858258-1151x1536.jpg 1151w, https:\/\/landpastoral-schoenenberg.de\/wp-content\/uploads\/2022\/12\/Andrea-Koeder-2-scaled-e1670511858258.jpg 1203w\" sizes=\"auto, (max-width: 225px) 100vw, 225px\" \/><\/figure>\n<\/div>\n\n\n<p><strong>Andrea K\u00f6der<\/strong><br>Tel. (07961) 92 49 170 &#8211; 14<br>E-Mail:&nbsp; <a href=\"mailto:Landpastoral.Schoenenberg@drs.de\">Landpastoral.Schoenenberg@drs.de<\/a><br>B\u00fcrozeiten:<br>Montag 10.00-13.00 Uhr,<br>Dienstag 10.00-12.00 Uhr<br>Donnerstag 14.00-16.00 Uhr<\/p>\n\n\n\n<p>Mein Name ist Andrea K\u00f6der. Ich bin 1963 geboren, wohne in Stocken, bin verheiratet und habe zwei erwachsene Kinder.<br>Die letzten zehn Jahre war ich in einem mittelst\u00e4ndischen Betrieb in der Verwaltung t\u00e4tig. Durch meine ehrenamtliche T\u00e4tigkeit als Zweite Vorsitzende der Kirchengemeinde Sch\u00f6nenberg konnte ich die wertvolle Arbeit der Landpastoral Sch\u00f6nenberg schon kennenlernen.<br>Seit April 2015 bin ich nun hier t\u00e4tig und freue mich \u00fcber mein vielf\u00e4ltiges Aufgabengebiet, wie die Reservierung und Best\u00e4tigung von Kursen, die Post, die Buchhaltung und vieles mehr. Ich freue mich, diese wichtige Arbeit der Landpastoral Sch\u00f6nenberg unterst\u00fctzen zu d\u00fcrfen und stehe Ihnen mit Rat und Tat zur Seite.<\/p>\n\n\n\n<hr class=\"wp-block-separator has-alpha-channel-opacity\"\/>\n\n\n\n<h2 class=\"wp-block-heading\"><strong>Unsere Geschichte<\/strong><\/h2>\n\n\n\n<p>Schon in den 80er Jahren erkannte die\u00a0 <a href=\"http:\/\/www.drs.de\/startseite.html\">Di\u00f6zese Rottenburg-Stuttgart<\/a> die Probleme, die durch den Wandel der Zeit insbesondere auf die Kirche im l\u00e4ndlichen Raum zukommen. Aus diesem Grund richtete sie drei landpastorale Zentren ein.<br>Der Auftrag der unterst\u00fctzenden Seelsorge f\u00fcr die l\u00e4ndlichen Pfarreien ging zun\u00e4chst an die drei Ordensgemeinschaften der\u00a0 <a href=\"http:\/\/www.klostersiessen.de\/\">Franziskanerinnen von Sie\u00dfen<\/a> (Isny), der\u00a0 <a href=\"http:\/\/www.kloster-reute.de\/\">Franziskanerinnen von Reute<\/a>\u00a0 (Sch\u00f6ntal) und der\u00a0 <a href=\"http:\/\/www.untermarchtal.de\/\">Vinzentinerinnen von Untermarchtal<\/a> (Sch\u00f6nenberg).<br>Auf dem Sch\u00f6nenberg war die Arbeit von Anfang an eine Zusammenarbeit mit den\u00a0 <a href=\"https:\/\/www.redemptoristen.com\">Redemptoristen<\/a>, die hier die Pfarrei Sch\u00f6nenberg und die Wallfahrt betreuten. Das Bildungshaus bot den Rahmen f\u00fcr ein Geistliches Zentrum, das einladen und ausstrahlen konnte.<br>Heute ist das Bildungshaus ein Tagungshaus der Di\u00f6zese Rottenburg-Stuttgart und die Ordensgemeinschaften haben sich aus dem Auftrag f\u00fcr die Landpastoral zur\u00fcckgezogen.<br>In der Zusammenarbeit des Pastoralen Teams mit verschiedenen Referent\/innen entsteht jedes Jahr ein interessantes Programm f\u00fcr Menschen, die auf dem Weg ihres Glaubens weitergehen wollen und ihrer Seele Gutes tun m\u00f6chten.<\/p>\n\n\n\n<p>Der Auftrag der unterst\u00fctzenden Seelsorge ist immer noch aktuell.<br>Er findet Antwort in vielen Angeboten, die auf Wunsch auch in den Pfarreien stattfinden k\u00f6nnen und individuell und gemeinsam geplant und durchgef\u00fchrt werden.<br>Er findet auch Antwort im Angebot der seelsorglichen Begleitung sowie der regelm\u00e4\u00dfigen Angebote im Haus zur Kontemplation im Meditationsraum.<\/p>\n\n\n\n<p>Die Details finden sich im aktuellen&nbsp;<a href=\"https:\/\/landpastoral-schoenenberg.de\/?page_id=2997\">Jahresprogramm<\/a>.<\/p>\n\n\n\n<hr class=\"wp-block-separator has-alpha-channel-opacity\"\/>\n\n\n<h2><strong>Kontakt:<\/strong><\/h2>\n<p>Landpastoral Sch\u00f6nenberg<br \/>Sch\u00f6nenberg 40<br \/>73479 Ellwangen<\/p>\n\n\n<div class=\"wp-block-contact-form-7-contact-form-selector\">\n<div class=\"wpcf7 no-js\" id=\"wpcf7-f4184-o1\" lang=\"de-DE\" dir=\"ltr\" data-wpcf7-id=\"4184\">\n<div class=\"screen-reader-response\"><p role=\"status\" aria-live=\"polite\" aria-atomic=\"true\"><\/p> <ul><\/ul><\/div>\n<form action=\"\/index.php?rest_route=%2Fwp%2Fv2%2Fpages%2F19#wpcf7-f4184-o1\" method=\"post\" class=\"wpcf7-form init\" aria-label=\"Kontaktformular\" novalidate=\"novalidate\" data-status=\"init\">\n<fieldset class=\"hidden-fields-container\"><input type=\"hidden\" name=\"_wpcf7\" value=\"4184\" \/><input type=\"hidden\" name=\"_wpcf7_version\" value=\"6.1.5\" \/><input type=\"hidden\" name=\"_wpcf7_locale\" value=\"de_DE\" \/><input type=\"hidden\" name=\"_wpcf7_unit_tag\" value=\"wpcf7-f4184-o1\" \/><input type=\"hidden\" name=\"_wpcf7_container_post\" value=\"0\" \/><input type=\"hidden\" name=\"_wpcf7_posted_data_hash\" value=\"\" \/>\n<\/fieldset>\n<p><label> Dein Name<br \/>\n<span class=\"wpcf7-form-control-wrap\" data-name=\"your-name\"><input size=\"40\" maxlength=\"400\" class=\"wpcf7-form-control wpcf7-text wpcf7-validates-as-required\" aria-required=\"true\" aria-invalid=\"false\" value=\"\" type=\"text\" name=\"your-name\" \/><\/span> <\/label>\n<\/p>\n<p><label> Deine E-Mail-Adresse<br \/>\n<span class=\"wpcf7-form-control-wrap\" data-name=\"your-email\"><input size=\"40\" maxlength=\"400\" class=\"wpcf7-form-control wpcf7-email wpcf7-validates-as-required wpcf7-text wpcf7-validates-as-email\" aria-required=\"true\" aria-invalid=\"false\" value=\"\" type=\"email\" name=\"your-email\" \/><\/span> <\/label>\n<\/p>\n<p><label> Betreff<br \/>\n<span class=\"wpcf7-form-control-wrap\" data-name=\"your-subject\"><input size=\"40\" maxlength=\"400\" class=\"wpcf7-form-control wpcf7-text wpcf7-validates-as-required\" aria-required=\"true\" aria-invalid=\"false\" value=\"\" type=\"text\" name=\"your-subject\" \/><\/span> <\/label>\n<\/p>\n<p><label> Deine Nachricht (optional)<br \/>\n<span class=\"wpcf7-form-control-wrap\" data-name=\"your-message\"><textarea cols=\"40\" rows=\"10\" maxlength=\"2000\" class=\"wpcf7-form-control wpcf7-textarea\" aria-invalid=\"false\" name=\"your-message\"><\/textarea><\/span> <\/label>\n<\/p>\n<p><input class=\"wpcf7-form-control wpcf7-submit has-spinner\" type=\"submit\" value=\"Senden\" \/>\n<\/p><div class=\"wpcf7-response-output\" aria-hidden=\"true\"><\/div>\n<\/form>\n<\/div>\n<\/div>\n","protected":false},"excerpt":{"rendered":"<p>Herzlich Willkommen bei der Landpastoral Sch\u00f6nenberg! Die Landpastoral Sch\u00f6nenberg ist eine Einrichtung des Dekanats Ostalb in der Di\u00f6zese Rottenburg-Stuttgart.Wir unterst\u00fctzen die Arbeit in den Kirchengemeinden im l\u00e4ndlichen Raum, begleiten Ehrenamtliche &#8230; <a title=\"Das sind wir\" class=\"read-more\" href=\"https:\/\/landpastoral-schoenenberg.de\/?page_id=19\" aria-label=\"Mehr Informationen \u00fcber Das sind wir\">Weiterlesen<\/a><\/p>\n","protected":false},"author":1,"featured_media":0,"parent":3006,"menu_order":0,"comment_status":"closed","ping_status":"closed","template":"","meta":{"footnotes":""},"class_list":["post-19","page","type-page","status-publish"],"_links":{"self":[{"href":"https:\/\/landpastoral-schoenenberg.de\/index.php?rest_route=\/wp\/v2\/pages\/19","targetHints":{"allow":["GET"]}}],"collection":[{"href":"https:\/\/landpastoral-schoenenberg.de\/index.php?rest_route=\/wp\/v2\/pages"}],"about":[{"href":"https:\/\/landpastoral-schoenenberg.de\/index.php?rest_route=\/wp\/v2\/types\/page"}],"author":[{"embeddable":true,"href":"https:\/\/landpastoral-schoenenberg.de\/index.php?rest_route=\/wp\/v2\/users\/1"}],"replies":[{"embeddable":true,"href":"https:\/\/landpastoral-schoenenberg.de\/index.php?rest_route=%2Fwp%2Fv2%2Fcomments&post=19"}],"version-history":[{"count":112,"href":"https:\/\/landpastoral-schoenenberg.de\/index.php?rest_route=\/wp\/v2\/pages\/19\/revisions"}],"predecessor-version":[{"id":6186,"href":"https:\/\/landpastoral-schoenenberg.de\/index.php?rest_route=\/wp\/v2\/pages\/19\/revisions\/6186"}],"up":[{"embeddable":true,"href":"https:\/\/landpastoral-schoenenberg.de\/index.php?rest_route=\/wp\/v2\/pages\/3006"}],"wp:attachment":[{"href":"https:\/\/landpastoral-schoenenberg.de\/index.php?rest_route=%2Fwp%2Fv2%2Fmedia&parent=19"}],"curies":[{"name":"wp","href":"https:\/\/api.w.org\/{rel}","templated":true}]}}