{"id":402,"date":"2016-09-16T15:57:27","date_gmt":"2016-09-16T15:57:27","guid":{"rendered":"http:\/\/landpastoral-schoenenberg.eu\/?page_id=402"},"modified":"2026-04-27T07:53:13","modified_gmt":"2026-04-27T06:53:13","slug":"calendar","status":"publish","type":"page","link":"https:\/\/landpastoral-schoenenberg.de\/","title":{"rendered":"Landpastoral"},"content":{"rendered":"\n<h2 class=\"wp-block-heading\"><strong>Radpilgern<\/strong><\/h2>\n\n\n<div class=\"wp-block-image\">\n<figure class=\"aligncenter size-large is-resized\"><img loading=\"lazy\" decoding=\"async\" width=\"1024\" height=\"768\" src=\"https:\/\/landpastoral-schoenenberg.de\/wp-content\/uploads\/2026\/02\/20240429_114336-1024x768.jpg\" alt=\"\" class=\"wp-image-6145\" style=\"width:450px\" srcset=\"https:\/\/landpastoral-schoenenberg.de\/wp-content\/uploads\/2026\/02\/20240429_114336-1024x768.jpg 1024w, https:\/\/landpastoral-schoenenberg.de\/wp-content\/uploads\/2026\/02\/20240429_114336-300x225.jpg 300w, https:\/\/landpastoral-schoenenberg.de\/wp-content\/uploads\/2026\/02\/20240429_114336-768x576.jpg 768w, https:\/\/landpastoral-schoenenberg.de\/wp-content\/uploads\/2026\/02\/20240429_114336-1536x1152.jpg 1536w, https:\/\/landpastoral-schoenenberg.de\/wp-content\/uploads\/2026\/02\/20240429_114336-2048x1536.jpg 2048w\" sizes=\"auto, (max-width: 1024px) 100vw, 1024px\" \/><\/figure>\n<\/div>\n\n<p>Auf der vorgegebenen Strecke, die individuell befahren werden kann, finden sich unterwegs Stationen mit spirituellen Impulsen. Nach Anmeldung wird der genaue Streckenverlauf zugeschickt. Die Route verl\u00e4uft im Gebiet zwischen Abtsgm\u00fcnd, Obergr\u00f6ningen und Pommertsweiler.<\/p>\n<p><strong>Termin<\/strong>: \u00a0 Sonntag, <strong>03.05.2026<\/strong>; Die\u00a0Stationen sind von <strong>10.00 \u2013 17.00 Uhr<\/strong> aufgebaut;<br \/>\u00a0 \u00a0 \u00a0 \u00a0 \u00a0 \u00a0 \u00a0 \u00a0Start und Ende sind individuell w\u00e4hlbar<br \/><strong>Anmeldung<\/strong> bis <strong>29.04.2026<\/strong> unter:\u00a0<a href=\"https:\/\/veranstaltungen.dekanat-ostalb.de\/radpilgern\" target=\"_blank\" rel=\"noopener\">https:\/\/veranstaltungen.dekanat-ostalb.de\/radpilgern<\/a> oder 07961-9249170-14.<br \/><strong>Leitung<\/strong>:\u00a0 Ansgar Baumann<\/p>\n\n\n<hr class=\"wp-block-separator has-alpha-channel-opacity\"\/>\n\n\n\n<h2 class=\"wp-block-heading\"><strong>Ausstellung &#8222;Licht&#8220;<\/strong><br>Peter Betzler &#8211; Werkauswahl<\/h2>\n\n\n<div class=\"wp-block-image\">\n<figure class=\"aligncenter size-full is-resized\"><img loading=\"lazy\" decoding=\"async\" width=\"495\" height=\"487\" src=\"https:\/\/landpastoral-schoenenberg.de\/wp-content\/uploads\/2025\/11\/Wegspuren-von-links-9.jpg\" alt=\"\" class=\"wp-image-6021\" style=\"width:400px\" srcset=\"https:\/\/landpastoral-schoenenberg.de\/wp-content\/uploads\/2025\/11\/Wegspuren-von-links-9.jpg 495w, https:\/\/landpastoral-schoenenberg.de\/wp-content\/uploads\/2025\/11\/Wegspuren-von-links-9-300x295.jpg 300w\" sizes=\"auto, (max-width: 495px) 100vw, 495px\" \/><\/figure>\n<\/div>\n\n<p>Licht ist ein zentrales Element in Peter Betzlers Wirken und Schaffen. Anl\u00e4sslich seines 70. Geburtstags zeigt er in einer Auswahl verschiedener Werke Licht und Dunkel des Lebens. Gleichzeitig bilden sie einen Querschnitt seiner Bilder und Kleinplastiken ab, die seit 40 Jahren in seinem Atelier in Holbach unterm Sch\u00f6nenberg entstanden sind.<\/p>\n<p><strong>Termin<\/strong>:\u00a0 \u00a0 \u00a0 \u00a0 \u00a0 \u00a0 \u00a0 \u00a0 \u00a0 \u00a0Freitag, <strong>27.03.26 <\/strong>&#8211; Sonntag,<strong> 21.06.26<\/strong><br \/><strong>F\u00fchrungen<\/strong>:\u00a0 \u00a0 \u00a0 \u00a0 \u00a0 \u00a0 Peter Betzler f\u00fchrt durch seine Ausstellung.<br \/>\u00a0 \u00a0 \u00a0 \u00a0 \u00a0 \u00a0 \u00a0 \u00a0 \u00a0 \u00a0 \u00a0 \u00a0 \u00a0 \u00a0 \u00a0 \u00a0Sonntag, <strong>03.05.26 <\/strong>\/ 07.06.26 \/ 21.06.26, <strong>11.30 Uhr <\/strong>(nach dem Gottesdienst)\u00a0<br \/><strong>\u00d6ffnungszeiten:\u00a0 \u00a0 <\/strong>Mo-Fr: 9.00-18.00 Uhr, Sa-So: 9.00-14.00 Uhr<br \/><strong>Ort<\/strong>:\u00a0 \u00a0 \u00a0 \u00a0 \u00a0 \u00a0 \u00a0 \u00a0 \u00a0 \u00a0 \u00a0 \u00a0 \u00a0Tagungshaus Sch\u00f6nenberg<\/p>\n\n\n<div class=\"wp-block-file\"><a id=\"wp-block-file--media-d4873fc5-7cd7-4e71-832d-5fde7e28354a\" href=\"https:\/\/landpastoral-schoenenberg.de\/wp-content\/uploads\/2026\/02\/Flyer-PeBe-Endversion.pdf\" target=\"_blank\" rel=\"noreferrer noopener\"><strong>Flyer zur Ausstellung<\/strong><\/a><a href=\"https:\/\/landpastoral-schoenenberg.de\/wp-content\/uploads\/2026\/02\/Flyer-PeBe-Endversion.pdf\" class=\"wp-block-file__button wp-element-button\" download aria-describedby=\"wp-block-file--media-d4873fc5-7cd7-4e71-832d-5fde7e28354a\">Herunterladen<\/a><\/div>\n\n\n\n<hr class=\"wp-block-separator has-alpha-channel-opacity\"\/>\n\n\n\n<h2 class=\"wp-block-heading\"><strong>Meditation am Abend<\/strong><\/h2>\n\n\n<div class=\"wp-block-image\">\n<figure class=\"aligncenter size-large is-resized\"><img loading=\"lazy\" decoding=\"async\" width=\"768\" height=\"1024\" src=\"https:\/\/landpastoral-schoenenberg.de\/wp-content\/uploads\/2022\/10\/Ikone-2-edited-768x1024.jpg\" alt=\"\" class=\"wp-image-4155\" style=\"width:300px\" srcset=\"https:\/\/landpastoral-schoenenberg.de\/wp-content\/uploads\/2022\/10\/Ikone-2-edited-768x1024.jpg 768w, https:\/\/landpastoral-schoenenberg.de\/wp-content\/uploads\/2022\/10\/Ikone-2-edited-225x300.jpg 225w, https:\/\/landpastoral-schoenenberg.de\/wp-content\/uploads\/2022\/10\/Ikone-2-edited-1152x1536.jpg 1152w, https:\/\/landpastoral-schoenenberg.de\/wp-content\/uploads\/2022\/10\/Ikone-2-edited.jpg 1276w\" sizes=\"auto, (max-width: 768px) 100vw, 768px\" \/><\/figure>\n<\/div>\n\n<p style=\"text-align: center;\">K\u00f6rper- und Wahrnehmungs\u00fcbungen, Gebetsgeb\u00e4rden, meditative Musik und Ges\u00e4nge <br \/>sowie Impulse zum stillen Gebet helfen uns anzukommen, f\u00fchren zur eigenen Mitte <br \/>und bereiten und vertiefen das Sitzen in der Stille.<\/p>\n<p style=\"text-align: left;\"><strong>Termin<\/strong>:\u00a0\u00a0\u00a0\u00a0\u00a0\u00a0\u00a0\u00a0\u00a0\u00a0 montags, <strong>04.05.26<\/strong> \/ 15.06.26 \/ 13.07.26,<br \/>\u00a0\u00a0\u00a0\u00a0\u00a0\u00a0\u00a0\u00a0\u00a0\u00a0\u00a0\u00a0\u00a0\u00a0\u00a0\u00a0 \u00a0 \u00a0\u00a0\u00a0\u00a0 jeweils <strong>18.45 <\/strong>&#8211; <strong>20.00<\/strong> <strong>Uhr<\/strong><br \/><strong>Ort<\/strong>:\u00a0\u00a0\u00a0\u00a0\u00a0\u00a0\u00a0\u00a0\u00a0\u00a0\u00a0\u00a0\u00a0\u00a0\u00a0\u00a0 Meditationsraum im Tagungshaus Sch\u00f6nenberg (3.OG)<br \/><strong>mitzubringen<\/strong>: (warme) Socken<br \/><strong>Leitung, Info<\/strong>:\u00a0 Ingrid Beck, 07961-9249170-12 oder <a href=\"mailto:ingrid.beck@drs.de\">ingrid.beck@drs.de<\/a><\/p>\n\n\n<hr class=\"wp-block-separator has-alpha-channel-opacity\"\/>\n\n\n\n<h2 class=\"wp-block-heading\"><strong>Aufbaukurs f\u00fcr WGF-LeiterInnen<\/strong><\/h2>\n\n\n\n<h2 class=\"wp-block-heading\">\u201eSinnliche Elemente in der WGF entfalten\u201c<\/h2>\n\n\n<div class=\"wp-block-image\">\n<figure class=\"aligncenter size-large is-resized\"><img loading=\"lazy\" decoding=\"async\" width=\"1024\" height=\"683\" src=\"https:\/\/landpastoral-schoenenberg.de\/wp-content\/uploads\/2025\/01\/WGF-1024x683.jpg\" alt=\"\" class=\"wp-image-5518\" style=\"width:450px\" srcset=\"https:\/\/landpastoral-schoenenberg.de\/wp-content\/uploads\/2025\/01\/WGF-1024x683.jpg 1024w, https:\/\/landpastoral-schoenenberg.de\/wp-content\/uploads\/2025\/01\/WGF-300x200.jpg 300w, https:\/\/landpastoral-schoenenberg.de\/wp-content\/uploads\/2025\/01\/WGF-768x512.jpg 768w, https:\/\/landpastoral-schoenenberg.de\/wp-content\/uploads\/2025\/01\/WGF.jpg 1536w\" sizes=\"auto, (max-width: 1024px) 100vw, 1024px\" \/><\/figure>\n<\/div>\n\n<p>In der Liturgie gibt es einerseits einen festen Ablauf, andererseits aber auch einen Gestaltungsraum. Gerade Wort-Gottes-Feiern laden dazu ein, diesen Gestaltungsraum zu nutzen. Die Fortbildung zum Thema \u00bbSinnliche Elemente in der WGF\u00ab vermittelt einen Einblick in verschiedene Gestaltungsm\u00f6glichkeiten innerhalb der Liturgie durch Einbezug unterschiedlicher Sinneserfahrungen. Sie bietet die M\u00f6glichkeit zum Austausch, zum Entdecken und zum praktischen Ausprobieren.<\/p>\n<p><strong>Termin<\/strong>:\u00a0 \u00a0 \u00a0 \u00a0 \u00a0 \u00a0Samstag, <strong>09.05.26<\/strong>, <strong>9.00 \u2013 17.30 Uhr<\/strong> <br \/><strong>Anmeldung\u00a0 \u00a0<\/strong> bis <strong>08.04.26<\/strong> nur online m\u00f6glich: <br \/>\u00a0 \u00a0 \u00a0 \u00a0 \u00a0 \u00a0 \u00a0 \u00a0 \u00a0 \u00a0 \u00a0 \u00a0<a href=\"https:\/\/institut-fwb.de\/kursdetail\/kurs\/sinnliche-elemente-der-wortgottesfeier-1-1\" target=\"_blank\" rel=\"noopener\">https:\/\/institut-fwb.de\/kursdetail\/kurs\/sinnliche-elemente-der-wortgottesfeier-1-1<\/a><strong><br \/>Ort<\/strong>:\u00a0 \u00a0 \u00a0 \u00a0 \u00a0 \u00a0 \u00a0 \u00a0 Tagungshaus Sch\u00f6nenberg<em><br \/><\/em><strong>Leitung<\/strong>:\u00a0 \u00a0 \u00a0 \u00a0 \u00a0Ingrid Beck <br \/><strong>Kosten<\/strong>:\u00a0 \u00a0 \u00a0 \u00a0 \u00a0 30,00 \u20ac<br \/><em>Durch den Besuch des Kurses kann die zeitliche Beauftragung zur Leitung von Wortgottesfeiern verl\u00e4ngert werden.<\/em><\/p>\n\n\n<hr class=\"wp-block-separator has-alpha-channel-opacity\"\/>\n\n\n\n<h2 class=\"wp-block-heading\">leben und glauben: <strong>So ein K\u00e4se!<\/strong><\/h2>\n\n\n<div class=\"wp-block-image\">\n<figure class=\"aligncenter size-large is-resized\"><img loading=\"lazy\" decoding=\"async\" width=\"1024\" height=\"767\" src=\"https:\/\/landpastoral-schoenenberg.de\/wp-content\/uploads\/2022\/02\/IMG_20220217_195231_3-edited-1024x767.jpg\" alt=\"\" class=\"wp-image-3810\" style=\"width:450px\" srcset=\"https:\/\/landpastoral-schoenenberg.de\/wp-content\/uploads\/2022\/02\/IMG_20220217_195231_3-edited-1024x767.jpg 1024w, https:\/\/landpastoral-schoenenberg.de\/wp-content\/uploads\/2022\/02\/IMG_20220217_195231_3-edited-300x225.jpg 300w, https:\/\/landpastoral-schoenenberg.de\/wp-content\/uploads\/2022\/02\/IMG_20220217_195231_3-edited-768x576.jpg 768w, https:\/\/landpastoral-schoenenberg.de\/wp-content\/uploads\/2022\/02\/IMG_20220217_195231_3-edited-1536x1151.jpg 1536w, https:\/\/landpastoral-schoenenberg.de\/wp-content\/uploads\/2022\/02\/IMG_20220217_195231_3-edited-2048x1535.jpg 2048w\" sizes=\"auto, (max-width: 1024px) 100vw, 1024px\" \/><\/figure>\n<\/div>\n\n<p>Der Demeter-Betrieb in Hohnhardt pr\u00e4sentiert seinen Hof samt Hofk\u00e4serei und erkl\u00e4rt das uralte Handwerk der Milchverarbeitung sowie den K\u00e4seherstellungsprozess. Die Verkostung der veredelten Milchprodukte sowie spirituelle Impulse begleiten die Veranstaltung.<\/p>\n<p><strong>Termin<\/strong>:\u00a0 \u00a0 \u00a0Freitag, <span style=\"color: #ff0000;\"><strong><del>09.05.2026<\/del> wird verschoben!<\/strong><\/span>, <strong>15.30 Uhr<br \/>Anmeldung<\/strong> bis <del><strong>05.05.2026<\/strong><\/del> unter: <a href=\"https:\/\/veranstaltungen.dekanat-ostalb.de\/kaese\" target=\"_blank\" rel=\"noopener\">https:\/\/veranstaltungen.dekanat-ostalb.de\/kaese<\/a>\u00a0oder 07961-9249170-14.<br \/><strong>Ort<\/strong>:\u00a0 \u00a0 \u00a0 \u00a0 \u00a0 \u00a0Honhardter Demeterh\u00f6fe, 74586 Frankenhardt-Honhardt<br \/><strong>Leitung<\/strong>:\u00a0 \u00a0 Ansgar Baumann, Julian Klopfer<br \/><strong>Kosten<\/strong>:\u00a0 \u00a0 10,00 \u20ac<\/p>\n\n\n<hr class=\"wp-block-separator has-alpha-channel-opacity\"\/>\n\n\n\n<h2 class=\"wp-block-heading\" id=\"meditation-am-abend-in-bettringen\"><strong>Meditation am Abend in Bettringen<\/strong><\/h2>\n\n\n<div class=\"wp-block-image\">\n<figure class=\"aligncenter size-large is-resized\"><img loading=\"lazy\" decoding=\"async\" width=\"1024\" height=\"682\" src=\"https:\/\/landpastoral-schoenenberg.de\/wp-content\/uploads\/2022\/11\/Ikone-LH-1024x682.jpg\" alt=\"\" class=\"wp-image-4197\" style=\"width:450px\" srcset=\"https:\/\/landpastoral-schoenenberg.de\/wp-content\/uploads\/2022\/11\/Ikone-LH-1024x682.jpg 1024w, https:\/\/landpastoral-schoenenberg.de\/wp-content\/uploads\/2022\/11\/Ikone-LH-300x200.jpg 300w, https:\/\/landpastoral-schoenenberg.de\/wp-content\/uploads\/2022\/11\/Ikone-LH-768x512.jpg 768w, https:\/\/landpastoral-schoenenberg.de\/wp-content\/uploads\/2022\/11\/Ikone-LH-1536x1023.jpg 1536w, https:\/\/landpastoral-schoenenberg.de\/wp-content\/uploads\/2022\/11\/Ikone-LH-2048x1364.jpg 2048w\" sizes=\"auto, (max-width: 1024px) 100vw, 1024px\" \/><\/figure>\n<\/div>\n\n<p style=\"text-align: center;\">K\u00f6rper- und Wahrnehmungs\u00fcbungen, Gebetsgeb\u00e4rden, meditative Musik und Ges\u00e4nge <br \/>sowie Impulse zum stillen Gebet helfen uns anzukommen, f\u00fchren zur eigenen Mitte <br \/>und bereiten und vertiefen das Sitzen in der Stille.<\/p>\n<p style=\"text-align: left;\"><strong>Termin: \u00a0\u00a0 \u00a0 \u00a0 \u00a0\u00a0 <\/strong>montags, <strong>11.05.26<\/strong> \/ 08.06.26 \/ 06.07.26 \/ 05.10.26,<br \/>\u00a0\u00a0\u00a0\u00a0\u00a0\u00a0\u00a0\u00a0\u00a0\u00a0\u00a0\u00a0\u00a0\u00a0\u00a0\u00a0\u00a0\u00a0\u00a0\u00a0 \u00a0\u00a0 jeweils\u00a0 <strong>19.30 <\/strong>&#8211; <strong>20.45 Uhr<\/strong>,<br \/><strong>Ort:<\/strong> \u00a0\u00a0\u00a0\u00a0\u00a0\u00a0\u00a0\u00a0\u00a0 \u00a0 \u00a0 \u00a0 Gemeindezentrum Lindenfeld\/Hagen\u00e4cker bei der Auferstehung-Christi-Kirche, <br \/>\u00a0\u00a0\u00a0\u00a0\u00a0\u00a0\u00a0\u00a0\u00a0\u00a0\u00a0 \u00a0 \u00a0 \u00a0\u00a0\u00a0\u00a0\u00a0\u00a0\u00a0 Hornbergstra\u00dfe 49,\u00a0\u00a0\u00a0\u00a0\u00a0\u00a0\u00a0\u00a0\u00a0\u00a0\u00a0\u00a0\u00a0\u00a0\u00a0\u00a0 \u00a0 \u00a0 \u00a0 <br \/>\u00a0\u00a0\u00a0\u00a0\u00a0\u00a0\u00a0\u00a0\u00a0\u00a0\u00a0\u00a0\u00a0\u00a0\u00a0\u00a0\u00a0\u00a0\u00a0\u00a0\u00a0\u00a0\u00a0 73529 Schw\u00e4bisch Gm\u00fcnd-<u>Bettringen<\/u> <br \/><strong>mitzubringen:<\/strong> (warme) Socken<br \/><strong>Kosten:<\/strong> \u00a0 \u00a0 \u00a0 \u00a0\u00a0\u00a0 2,50 \u20ac pro Abend<br \/><strong>Leitung<\/strong>:\u00a0 \u00a0 \u00a0 \u00a0\u00a0\u00a0 Ingrid Beck und Ernst Amann-Schindler<br \/><strong>Info:\u00a0\u00a0\u00a0\u00a0\u00a0\u00a0\u00a0\u00a0\u00a0\u00a0\u00a0\u00a0\u00a0\u00a0\u00a0 <\/strong>Ingrid Beck, 07961-9249170-12 oder <a href=\"mailto:ingrid.beck@drs.de\">ingrid.beck@drs.de<\/a><\/p>\n\n\n<hr class=\"wp-block-separator has-alpha-channel-opacity\"\/>\n\n\n\n<h2 class=\"wp-block-heading\"><strong>Glauben erleben &#8211; Spiritueller Spaziergang<\/strong> <strong>auf der LGS<\/strong><\/h2>\n\n\n\n<div class=\"wp-block-columns is-layout-flex wp-container-core-columns-is-layout-9d6595d7 wp-block-columns-is-layout-flex\">\n<div class=\"wp-block-column is-layout-flow wp-block-column-is-layout-flow\" style=\"flex-basis:50%\"><div class=\"wp-block-image\">\n<figure class=\"aligncenter size-large is-resized\"><img loading=\"lazy\" decoding=\"async\" width=\"974\" height=\"1024\" src=\"https:\/\/landpastoral-schoenenberg.de\/wp-content\/uploads\/2026\/03\/Logo-Kirchen2-974x1024.png\" alt=\"\" class=\"wp-image-6201\" style=\"width:300px\" srcset=\"https:\/\/landpastoral-schoenenberg.de\/wp-content\/uploads\/2026\/03\/Logo-Kirchen2-974x1024.png 974w, https:\/\/landpastoral-schoenenberg.de\/wp-content\/uploads\/2026\/03\/Logo-Kirchen2-285x300.png 285w, https:\/\/landpastoral-schoenenberg.de\/wp-content\/uploads\/2026\/03\/Logo-Kirchen2-768x807.png 768w, https:\/\/landpastoral-schoenenberg.de\/wp-content\/uploads\/2026\/03\/Logo-Kirchen2.png 1061w\" sizes=\"auto, (max-width: 974px) 100vw, 974px\" \/><\/figure>\n<\/div><\/div>\n\n\n\n<div class=\"wp-block-column is-layout-flow wp-block-column-is-layout-flow\" style=\"flex-basis:50%\">\n<figure class=\"wp-block-image size-large is-resized\"><img loading=\"lazy\" decoding=\"async\" width=\"1024\" height=\"576\" src=\"https:\/\/landpastoral-schoenenberg.de\/wp-content\/uploads\/2026\/04\/IMG_20260411_141730-1024x576.jpg\" alt=\"\" class=\"wp-image-6223\" style=\"aspect-ratio:1;object-fit:cover;width:300px\" srcset=\"https:\/\/landpastoral-schoenenberg.de\/wp-content\/uploads\/2026\/04\/IMG_20260411_141730-1024x576.jpg 1024w, https:\/\/landpastoral-schoenenberg.de\/wp-content\/uploads\/2026\/04\/IMG_20260411_141730-300x169.jpg 300w, https:\/\/landpastoral-schoenenberg.de\/wp-content\/uploads\/2026\/04\/IMG_20260411_141730-768x432.jpg 768w, https:\/\/landpastoral-schoenenberg.de\/wp-content\/uploads\/2026\/04\/IMG_20260411_141730-1536x864.jpg 1536w, https:\/\/landpastoral-schoenenberg.de\/wp-content\/uploads\/2026\/04\/IMG_20260411_141730-2048x1152.jpg 2048w\" sizes=\"auto, (max-width: 1024px) 100vw, 1024px\" \/><\/figure>\n<\/div>\n<\/div>\n\n\n<p>Erleben <span data-sd-animate=\"true\">Sie<\/span> <span data-sd-animate=\"true\">Glauben<\/span> <span data-sd-animate=\"true\">mit<\/span> <span data-sd-animate=\"true\">allen<\/span> <span data-sd-animate=\"true\">Sinnen<\/span> <span data-sd-animate=\"true\">bei<\/span> <span data-sd-animate=\"true\">einem<\/span> <span data-sd-animate=\"true\">spirituellen<\/span> <span data-sd-animate=\"true\">Spaziergang<\/span> <span data-sd-animate=\"true\">\u00fcber<\/span> <span data-sd-animate=\"true\">das<\/span> <span data-sd-animate=\"true\">Gel\u00e4nde<\/span> <span data-sd-animate=\"true\">der<\/span> <span data-sd-animate=\"true\">Landesgartenschau,<\/span> <span data-sd-animate=\"true\">angeboten<\/span> <span data-sd-animate=\"true\">in<\/span> <span data-sd-animate=\"true\">Kooperation<\/span> <span data-sd-animate=\"true\">mit<\/span> <span data-sd-animate=\"true\">\u201eChristen<\/span> <span data-sd-animate=\"true\">auf<\/span> <span data-sd-animate=\"true\">der<\/span> <span data-sd-animate=\"true\">Landesgartenschau\u201c.<\/span> <span data-sd-animate=\"true\">Tauchen<\/span> <span data-sd-animate=\"true\">Sie<\/span> <span data-sd-animate=\"true\">ein<\/span> <span data-sd-animate=\"true\">in<\/span> <span data-sd-animate=\"true\">die<\/span> <span data-sd-animate=\"true\">Tiefe<\/span> <span data-sd-animate=\"true\">von<\/span> <span data-sd-animate=\"true\">Natur und Stille \u2013<\/span> <span data-sd-animate=\"true\">entdecken<\/span> <span data-sd-animate=\"true\">Sie<\/span> <span data-sd-animate=\"true\">Wasser<\/span> <span data-sd-animate=\"true\">und<\/span> <span data-sd-animate=\"true\">Pflanzen,<\/span> <span data-sd-animate=\"true\">genie\u00dfen<\/span> <span data-sd-animate=\"true\">Sie<\/span> <span data-sd-animate=\"true\">eine<\/span> <span data-sd-animate=\"true\">bewusste<\/span> <span data-sd-animate=\"true\">Atempause<\/span> <span data-sd-animate=\"true\">und<\/span> <span data-sd-animate=\"true\">lassen<\/span> <span data-sd-animate=\"true\">Sie<\/span> <span data-sd-animate=\"true\">sich<\/span> <span data-sd-animate=\"true\">von<\/span> <span data-sd-animate=\"true\">der<\/span> <span data-sd-animate=\"true\">Vielfalt<\/span> <span data-sd-animate=\"true\">der<\/span> <span data-sd-animate=\"true\">Natur<\/span> <span data-sd-animate=\"true\">zu<\/span> <span data-sd-animate=\"true\">pers\u00f6nlicher Reflexion und neuer Perspektive inspirieren. Der gemeinsame Rundgang findet seinen Abschluss bei einem kurzen Abendgebet im Kirchengarten \u00bbSei willkommen\u00ab. <\/span><\/p>\n<p>Seien auch Sie willkommen!<\/p>\n<p><strong>Termin<\/strong>:\u00a0 \u00a0 \u00a0Dienstag,<strong> 12.05.26<\/strong>; Montag, 08.06.26; Dienstag, 14.07.26; Donnerstag, 27.08.26; <br \/>\u00a0 \u00a0 \u00a0 \u00a0 \u00a0 \u00a0 \u00a0 \u00a0 \u00a0<span data-sd-animate=\"true\">Donnerstag, 10.09.26; <br \/>\u00a0 \u00a0 \u00a0 \u00a0 \u00a0 \u00a0 \u00a0 \u00a0 \u00a0<\/span>die F\u00fchrung beginnt jeweils um <strong>17:00 Uhr<\/strong> und dauert 90 Minuten.<strong><br \/>Anmeldung\/Ticket<\/strong> unter <a href=\"https:\/\/www.etix.com\/ticket\/v\/37409?cobrand=LGSEllwangen\" target=\"_blank\" rel=\"noopener\">https:\/\/www.etix.com\/ticket\/v\/37409?cobrand=LGSEllwangen<\/a><br \/><strong>Ort<\/strong>:\u00a0 \u00a0 \u00a0 \u00a0 \u00a0 \u00a0Treffpunkt am Pavilion des Wandels auf der Landesgartenschau Ellwangen<br \/><strong>Leitung<\/strong>:\u00a0 \u00a0 Ansgar Baumann, Sr. Franziska Tr\u00f6gler<br \/><strong>Kosten<\/strong>:\u00a0 \u00a0 \u00a06,- \u20ac (zzgl. Eintrittskarte f\u00fcr die Landesgartenschau)<\/p>\n\n\n<hr class=\"wp-block-separator has-alpha-channel-opacity\"\/>\n\n\n<div class=\"wp-block-image\">\n<figure class=\"aligncenter size-large is-resized\"><img loading=\"lazy\" decoding=\"async\" width=\"724\" height=\"1024\" src=\"https:\/\/landpastoral-schoenenberg.de\/wp-content\/uploads\/2026\/04\/Mut-gegen-den-Wahn-von-Ellwangen-bis-Papua-Neuguinea-724x1024.jpg\" alt=\"\" class=\"wp-image-6229\" style=\"width:400px\" srcset=\"https:\/\/landpastoral-schoenenberg.de\/wp-content\/uploads\/2026\/04\/Mut-gegen-den-Wahn-von-Ellwangen-bis-Papua-Neuguinea-724x1024.jpg 724w, https:\/\/landpastoral-schoenenberg.de\/wp-content\/uploads\/2026\/04\/Mut-gegen-den-Wahn-von-Ellwangen-bis-Papua-Neuguinea-212x300.jpg 212w, https:\/\/landpastoral-schoenenberg.de\/wp-content\/uploads\/2026\/04\/Mut-gegen-den-Wahn-von-Ellwangen-bis-Papua-Neuguinea-768x1086.jpg 768w, https:\/\/landpastoral-schoenenberg.de\/wp-content\/uploads\/2026\/04\/Mut-gegen-den-Wahn-von-Ellwangen-bis-Papua-Neuguinea-1086x1536.jpg 1086w, https:\/\/landpastoral-schoenenberg.de\/wp-content\/uploads\/2026\/04\/Mut-gegen-den-Wahn-von-Ellwangen-bis-Papua-Neuguinea-1448x2048.jpg 1448w, https:\/\/landpastoral-schoenenberg.de\/wp-content\/uploads\/2026\/04\/Mut-gegen-den-Wahn-von-Ellwangen-bis-Papua-Neuguinea.jpg 1587w\" sizes=\"auto, (max-width: 724px) 100vw, 724px\" \/><\/figure>\n<\/div>\n\n\n<div class=\"wp-block-file\"><a id=\"wp-block-file--media-c5d9a16b-6037-41d7-98d2-85e3b662403b\" href=\"https:\/\/landpastoral-schoenenberg.de\/wp-content\/uploads\/2026\/04\/Ankuendigung-Veranstaltung-mit-Sr.-Lorena.docx\">Ank\u00fcndigung Veranstaltung mit Sr. Lorena<\/a><a href=\"https:\/\/landpastoral-schoenenberg.de\/wp-content\/uploads\/2026\/04\/Ankuendigung-Veranstaltung-mit-Sr.-Lorena.docx\" class=\"wp-block-file__button wp-element-button\" download aria-describedby=\"wp-block-file--media-c5d9a16b-6037-41d7-98d2-85e3b662403b\">Herunterladen<\/a><\/div>\n\n\n\n<hr class=\"wp-block-separator has-alpha-channel-opacity\"\/>\n\n\n\n<h2 class=\"wp-block-heading\"><strong>Meditation am Vormittag<\/strong><\/h2>\n\n\n<div class=\"wp-block-image\">\n<figure class=\"aligncenter is-resized\"><img loading=\"lazy\" decoding=\"async\" width=\"1024\" height=\"683\" src=\"https:\/\/landpastoral-schoenenberg.de\/wp-content\/uploads\/2024\/09\/Hauskapelle-1-1024x683.jpg\" alt=\"\" class=\"wp-image-5210\" style=\"width:450px\" srcset=\"https:\/\/landpastoral-schoenenberg.de\/wp-content\/uploads\/2024\/09\/Hauskapelle-1-1024x683.jpg 1024w, https:\/\/landpastoral-schoenenberg.de\/wp-content\/uploads\/2024\/09\/Hauskapelle-1-300x200.jpg 300w, https:\/\/landpastoral-schoenenberg.de\/wp-content\/uploads\/2024\/09\/Hauskapelle-1-768x512.jpg 768w, https:\/\/landpastoral-schoenenberg.de\/wp-content\/uploads\/2024\/09\/Hauskapelle-1-1536x1024.jpg 1536w, https:\/\/landpastoral-schoenenberg.de\/wp-content\/uploads\/2024\/09\/Hauskapelle-1-2048x1365.jpg 2048w\" sizes=\"auto, (max-width: 1024px) 100vw, 1024px\" \/><\/figure>\n<\/div>\n\n<p>K\u00f6rper- und Wahrnehmungs\u00fcbungen, Gebetsgeb\u00e4rden, meditative Musik und Ges\u00e4nge <br \/>sowie Impulse zum stillen Gebet helfen uns anzukommen, f\u00fchren zur eigenen Mitte <br \/>und bereiten und vertiefen das Sitzen in der Stille.<br \/>Im Anschluss besteht die M\u00f6glichkeit zu einem gemeinsamen Fr\u00fchst\u00fcck.<\/p>\n<p><strong>Termin<\/strong>:\u00a0\u00a0\u00a0\u00a0\u00a0\u00a0\u00a0\u00a0\u00a0\u00a0 mittwochs, <strong>13.05.26<\/strong> \/ 10.06.26 \/ 08.07.26,<br \/>\u00a0\u00a0\u00a0\u00a0\u00a0\u00a0\u00a0\u00a0\u00a0\u00a0\u00a0\u00a0\u00a0\u00a0\u00a0\u00a0 \u00a0 \u00a0\u00a0\u00a0\u00a0 jeweils <strong>9.00 &#8211; 10.00<\/strong> <strong>Uhr<\/strong><br \/><strong>Ort:<\/strong> \u00a0\u00a0\u00a0\u00a0\u00a0\u00a0\u00a0\u00a0\u00a0\u00a0\u00a0\u00a0\u00a0\u00a0\u00a0\u00a0Hauskapelle, 1. OG im Tagungshaus Sch\u00f6nenberg <br \/><strong>Leitung, Info:<\/strong> Ingrid Beck, 07961\/9249170-12 oder <a href=\"mailto:Ingrid.Beck@drs.de\">Ingrid.Beck@drs.de<\/a><\/p>\n\n\n<hr class=\"wp-block-separator has-alpha-channel-opacity\"\/>\n\n\n\n<h2 class=\"wp-block-heading\"><strong>Stille am Abend<\/strong><\/h2>\n\n\n<div class=\"wp-block-image\">\n<figure class=\"aligncenter size-large is-resized\"><img loading=\"lazy\" decoding=\"async\" width=\"1024\" height=\"768\" src=\"https:\/\/landpastoral-schoenenberg.de\/wp-content\/uploads\/2023\/11\/20231021_181352-1024x768.jpg\" alt=\"\" class=\"wp-image-4851\" style=\"width:450px\" srcset=\"https:\/\/landpastoral-schoenenberg.de\/wp-content\/uploads\/2023\/11\/20231021_181352-1024x768.jpg 1024w, https:\/\/landpastoral-schoenenberg.de\/wp-content\/uploads\/2023\/11\/20231021_181352-300x225.jpg 300w, https:\/\/landpastoral-schoenenberg.de\/wp-content\/uploads\/2023\/11\/20231021_181352-768x576.jpg 768w, https:\/\/landpastoral-schoenenberg.de\/wp-content\/uploads\/2023\/11\/20231021_181352-1536x1152.jpg 1536w, https:\/\/landpastoral-schoenenberg.de\/wp-content\/uploads\/2023\/11\/20231021_181352-2048x1536.jpg 2048w\" sizes=\"auto, (max-width: 1024px) 100vw, 1024px\" \/><\/figure>\n<\/div>\n\n<p>Eintauchen in die Stille, sie bewahren und mitnehmen in unseren Alltag. Im Mittelpunkt steht das mittelalterliche Leibgebet des Heiligen Dominikus, das uns in die Stille zu finden hilft.<\/p>\n<p><strong>Termin<\/strong>:\u00a0\u00a0\u00a0 \u00a0 \u00a0\u00a0 montags, <strong>18.05.26<\/strong> \/ 05.10.26 \/ 02.11.26 \/ 30.11.26 \/ 21.12.26\u00a0<br \/>\u00a0\u00a0\u00a0\u00a0\u00a0\u00a0\u00a0\u00a0\u00a0\u00a0\u00a0\u00a0\u00a0\u00a0\u00a0\u00a0\u00a0\u00a0\u00a0\u00a0 jeweils <strong>18.45 <\/strong>&#8211; <strong>19.45<\/strong> <strong>Uhr<\/strong><br \/><strong>Ort<\/strong>:\u00a0\u00a0\u00a0\u00a0\u00a0\u00a0\u00a0\u00a0\u00a0\u00a0\u00a0\u00a0\u00a0 Meditationsraum im Tagungshaus Sch\u00f6nenberg<br \/><strong>Leitung<\/strong>:\u00a0\u00a0\u00a0\u00a0\u00a0\u00a0 Ansgar Baumann<\/p>\n\n\n<hr class=\"wp-block-separator has-alpha-channel-opacity\"\/>\n\n\n\n<h2 class=\"wp-block-heading\"><strong>H\u00f6hlenbefahrung f\u00fcr Familien und Interessierte<\/strong><\/h2>\n\n\n<div class=\"wp-block-image\">\n<figure class=\"aligncenter size-large is-resized\"><img loading=\"lazy\" decoding=\"async\" width=\"1024\" height=\"683\" src=\"https:\/\/landpastoral-schoenenberg.de\/wp-content\/uploads\/2025\/02\/Hoehlenbefahrung-2014-022-1024x683.jpg\" alt=\"\" class=\"wp-image-5641\" style=\"width:450px\" srcset=\"https:\/\/landpastoral-schoenenberg.de\/wp-content\/uploads\/2025\/02\/Hoehlenbefahrung-2014-022-1024x683.jpg 1024w, https:\/\/landpastoral-schoenenberg.de\/wp-content\/uploads\/2025\/02\/Hoehlenbefahrung-2014-022-300x200.jpg 300w, https:\/\/landpastoral-schoenenberg.de\/wp-content\/uploads\/2025\/02\/Hoehlenbefahrung-2014-022-768x512.jpg 768w, https:\/\/landpastoral-schoenenberg.de\/wp-content\/uploads\/2025\/02\/Hoehlenbefahrung-2014-022-1536x1024.jpg 1536w, https:\/\/landpastoral-schoenenberg.de\/wp-content\/uploads\/2025\/02\/Hoehlenbefahrung-2014-022-2048x1365.jpg 2048w\" sizes=\"auto, (max-width: 1024px) 100vw, 1024px\" \/><\/figure>\n<\/div>\n\n<p>H\u00f6hlen sind faszinierend und verhei\u00dfen Abenteuer. Der Nachmittag bietet die Gelegenheit, die 90m lange Falkenh\u00f6hle zu Fu\u00df zu \u201ebefahren\u201c [engste Stellen: 50cm hoch bzw. breit]. Passend dazu gibt es Geschichten aus der Bibel.<\/p>\n<p><strong>Termin<\/strong>:\u00a0 \u00a0 \u00a0 \u00a0 \u00a0 \u00a0 \u00a0Freitag, <strong>22.05.2026<\/strong>, <strong>16.30-20.30 Uhr<\/strong>. Die H\u00f6hlenbefahrung ist nur bei gutem Wetter m\u00f6glich!<br \/><strong>Anmeldung<\/strong> bis <strong>18.05.2026<\/strong> unter:\u00a0<a href=\"https:\/\/veranstaltungen.dekanat-ostalb.de\/hoehlenbefahrung\" target=\"_blank\" rel=\"noopener\">https:\/\/veranstaltungen.dekanat-ostalb.de\/hoehlenbefahrung<\/a> oder 07961-9249170-14.<br \/><strong>Ort<\/strong>:\u00a0 \u00a0 \u00a0 \u00a0 \u00a0 \u00a0 \u00a0 \u00a0 \u00a0 Falkenh\u00f6hle bei Bartholom\u00e4<br \/><strong>Leitung<\/strong>:\u00a0 \u00a0 \u00a0 \u00a0 \u00a0 \u00a0Ansgar Baumann, Sven K\u00f6der<br \/><strong>Mitzubringen<\/strong>: Helm, Stirnlampe, geeignete Kleidung, Vesper<\/p>\n\n\n<hr class=\"wp-block-separator has-alpha-channel-opacity\"\/>\n\n\n\n<h2 class=\"wp-block-heading\">Ausstellung: <strong>Und jetzt ist alles anders&#8230;<\/strong><br>Erfahrungen von Trauernden<\/h2>\n\n\n<div class=\"wp-block-image\">\n<figure class=\"aligncenter size-large is-resized\"><img loading=\"lazy\" decoding=\"async\" width=\"724\" height=\"1024\" src=\"https:\/\/landpastoral-schoenenberg.de\/wp-content\/uploads\/2026\/02\/Ausstellung-Trauer-Basilika-Plakat-724x1024.jpg\" alt=\"\" class=\"wp-image-6152\" style=\"width:400px\" srcset=\"https:\/\/landpastoral-schoenenberg.de\/wp-content\/uploads\/2026\/02\/Ausstellung-Trauer-Basilika-Plakat-724x1024.jpg 724w, https:\/\/landpastoral-schoenenberg.de\/wp-content\/uploads\/2026\/02\/Ausstellung-Trauer-Basilika-Plakat-212x300.jpg 212w, https:\/\/landpastoral-schoenenberg.de\/wp-content\/uploads\/2026\/02\/Ausstellung-Trauer-Basilika-Plakat-768x1086.jpg 768w, https:\/\/landpastoral-schoenenberg.de\/wp-content\/uploads\/2026\/02\/Ausstellung-Trauer-Basilika-Plakat-1086x1536.jpg 1086w, https:\/\/landpastoral-schoenenberg.de\/wp-content\/uploads\/2026\/02\/Ausstellung-Trauer-Basilika-Plakat-1448x2048.jpg 1448w, https:\/\/landpastoral-schoenenberg.de\/wp-content\/uploads\/2026\/02\/Ausstellung-Trauer-Basilika-Plakat-scaled.jpg 1811w\" sizes=\"auto, (max-width: 724px) 100vw, 724px\" \/><\/figure>\n<\/div>\n\n<p>Im Rahmen der Landesgartenschau zeigen wir nochmals gemeinsam mit dem Ambulanten \u00d6kumenischen Hospizdienst Ellwangen, wie Trauernde sich und ihre Umwelt in ihrer Trauer erleben. Die Plakate geben kurze Aussagen Trauernder wieder, die anregen wollen, Trauer und Trauernde besser zu verstehen.<\/p>\n<p>Die Ausstellung ist auch ohne Ticket zur Landesgartenschau zug\u00e4nglich.<\/p>\n<p><strong>Termin<\/strong>:\u00a0 \u00a0 \u00a0 \u00a0<strong>23.05. \u2013 26.06.2026<\/strong><br \/><strong>Ort<\/strong>:\u00a0 \u00a0 \u00a0 \u00a0 \u00a0 \u00a0 \u00a0Basilika St. Vitus Ellwangen<\/p>\n\n\n<hr class=\"wp-block-separator has-alpha-channel-opacity\"\/>\n\n\n\n<h2 class=\"wp-block-heading\"><strong>Bibliolog<\/strong> <strong>am Abend<mark style=\"background-color:rgba(0, 0, 0, 0)\" class=\"has-inline-color has-vivid-red-color\"><\/mark><\/strong> &#8211; weil jede:r was zu sagen hat<\/h2>\n\n\n<div class=\"wp-block-image\">\n<figure class=\"aligncenter size-large is-resized\"><img loading=\"lazy\" decoding=\"async\" width=\"1024\" height=\"685\" src=\"https:\/\/landpastoral-schoenenberg.de\/wp-content\/uploads\/2020\/08\/DSC_0069-1024x685.jpg\" alt=\"\" class=\"wp-image-2563\" style=\"width:450px\" srcset=\"https:\/\/landpastoral-schoenenberg.de\/wp-content\/uploads\/2020\/08\/DSC_0069-1024x685.jpg 1024w, https:\/\/landpastoral-schoenenberg.de\/wp-content\/uploads\/2020\/08\/DSC_0069-300x201.jpg 300w, https:\/\/landpastoral-schoenenberg.de\/wp-content\/uploads\/2020\/08\/DSC_0069-768x514.jpg 768w, https:\/\/landpastoral-schoenenberg.de\/wp-content\/uploads\/2020\/08\/DSC_0069-1536x1028.jpg 1536w, https:\/\/landpastoral-schoenenberg.de\/wp-content\/uploads\/2020\/08\/DSC_0069-2048x1371.jpg 2048w\" sizes=\"auto, (max-width: 1024px) 100vw, 1024px\" \/><\/figure>\n<\/div>\n\n<p style=\"text-align: justify; line-height: 150%; margin: 0cm 0cm 12.0pt 0cm;\"><span style=\"font-family: 'Arial',sans-serif;\">Beim Bibliolog reisen wir in Gedanken in eine biblische Geschichte, versetzen uns in die biblischen Gestalten hinein und erleben die Szene aus deren Perspektive. So reichern wir die Zwischenr\u00e4ume in den Texten mit unseren Erfahrungen und unserer Fantasie an. Dabei gibt es kein \u201ezu jung\u201c, \u201ezu alt\u201c, \u201ezu wenig wortgewandt\u201c, \u201ebringe kein Bibelgrundwissen mit\u201c. Das, was jede:r mitbringt, reicht, um die Bibel mit Leben zu f\u00fcllen \u2026 <\/span><span id=\"page32R_mcid9\" class=\"markedContent\"><\/span><\/p>\n<p><strong>Termine:\u00a0\u00a0\u00a0\u00a0\u00a0\u00a0<\/strong>\u00a0\u00a0 jeweils von <strong>19.30<\/strong> bis l\u00e4ngstens <strong>21.00 Uhr:<\/strong><br \/>\u00a0\u00a0\u00a0\u00a0\u00a0 <strong>Online:\u00a0\u00a0\u00a0\u00a0 <\/strong>Donnerstag, <strong>11.06.26<\/strong> \/ 23.07.26 \/ 24.09.26<br \/>\u00a0\u00a0\u00a0\u00a0\u00a0\u00a0\u00a0\u00a0\u00a0\u00a0\u00a0\u00a0\u00a0\u00a0\u00a0\u00a0\u00a0\u00a0\u00a0\u00a0\u00a0\u00a0 &#8211; Zugangsdaten werden nach der Anmeldung verschickt,\u00a0\u00a0\u00a0\u00a0\u00a0\u00a0\u00a0\u00a0\u00a0\u00a0\u00a0\u00a0\u00a0 <strong><br \/><\/strong><strong>Leitung\/Info<\/strong>: Ingrid Beck<br \/><strong>Anmeldung<\/strong> bis Montag vor der Veranstaltung unter 07961-9249170-12 oder <br \/>\u00a0 \u00a0\u00a0 \u00a0\u00a0 \u00a0\u00a0 \u00a0\u00a0 \u00a0\u00a0 \u00a0\u00a0 \u00a0\u00a0 <a href=\"mailto:ingrid.beck@drs.de\">ingrid.beck@drs.de<\/a><\/p>\n\n\n<hr class=\"wp-block-separator has-alpha-channel-opacity\"\/>\n\n\n\n<h2 class=\"wp-block-heading\"><strong>Abendliche Kapellenradtour<\/strong><\/h2>\n\n\n<div class=\"wp-block-image\">\n<figure class=\"aligncenter size-large is-resized\"><img loading=\"lazy\" decoding=\"async\" width=\"768\" height=\"1024\" src=\"https:\/\/landpastoral-schoenenberg.de\/wp-content\/uploads\/2024\/02\/Kapellenradtour-768x1024.jpg\" alt=\"\" class=\"wp-image-5017\" style=\"object-fit:cover;width:400px;height:400px\" srcset=\"https:\/\/landpastoral-schoenenberg.de\/wp-content\/uploads\/2024\/02\/Kapellenradtour-768x1024.jpg 768w, https:\/\/landpastoral-schoenenberg.de\/wp-content\/uploads\/2024\/02\/Kapellenradtour-225x300.jpg 225w, https:\/\/landpastoral-schoenenberg.de\/wp-content\/uploads\/2024\/02\/Kapellenradtour-1152x1536.jpg 1152w, https:\/\/landpastoral-schoenenberg.de\/wp-content\/uploads\/2024\/02\/Kapellenradtour-1536x2048.jpg 1536w, https:\/\/landpastoral-schoenenberg.de\/wp-content\/uploads\/2024\/02\/Kapellenradtour-scaled.jpg 1920w\" sizes=\"auto, (max-width: 768px) 100vw, 768px\" \/><\/figure>\n<\/div>\n\n<p>Eine Fahrradrundtour (ca. 11 km) f\u00fchrt uns zu verschiedenen Kapellen und Kleindenkmalen im Gebiet von Rainau. Anschlie\u00dfend Einkehr im Gasthaus Lamm in Schwabsberg.<\/p>\n<p><strong>Termin<\/strong>:\u00a0 \u00a0 \u00a0Freitag, <strong>12.06.2026<\/strong>, <strong>17.00 Uhr<\/strong><br \/><strong>Anmeldung<\/strong> bis <strong>09.06.2026<\/strong> unter: <a href=\"https:\/\/veranstaltungen.dekanat-ostalb.de\/kapellenradtour\" target=\"_blank\" rel=\"noopener\">https:\/\/veranstaltungen.dekanat-ostalb.de\/kapellenradtour<\/a> oder 07961-9249170-14.<br \/><strong>Ort<\/strong>:\u00a0 \u00a0 \u00a0 \u00a0 \u00a0 Treffpunkt am Gasthaus Lamm in Schwabsberg<br \/><strong>Leitung<\/strong>:\u00a0 \u00a0Ansgar Baumann<\/p>\n\n\n<hr class=\"wp-block-separator has-alpha-channel-opacity\"\/>\n\n\n\n<h2 class=\"wp-block-heading\">leben und glauben: <strong>Wein und Bibel<\/strong><\/h2>\n\n\n<div class=\"wp-block-image\">\n<figure class=\"aligncenter size-large is-resized\"><img loading=\"lazy\" decoding=\"async\" width=\"1024\" height=\"684\" src=\"https:\/\/landpastoral-schoenenberg.de\/wp-content\/uploads\/2023\/03\/wine-4813260_1920-1024x684.jpg\" alt=\"\" class=\"wp-image-4479\" style=\"aspect-ratio:1;object-fit:cover;width:400px\" srcset=\"https:\/\/landpastoral-schoenenberg.de\/wp-content\/uploads\/2023\/03\/wine-4813260_1920-1024x684.jpg 1024w, https:\/\/landpastoral-schoenenberg.de\/wp-content\/uploads\/2023\/03\/wine-4813260_1920-300x200.jpg 300w, https:\/\/landpastoral-schoenenberg.de\/wp-content\/uploads\/2023\/03\/wine-4813260_1920-768x513.jpg 768w, https:\/\/landpastoral-schoenenberg.de\/wp-content\/uploads\/2023\/03\/wine-4813260_1920-1536x1026.jpg 1536w, https:\/\/landpastoral-schoenenberg.de\/wp-content\/uploads\/2023\/03\/wine-4813260_1920.jpg 1920w\" sizes=\"auto, (max-width: 1024px) 100vw, 1024px\" \/><\/figure>\n<\/div>\n\n<p>Der Wein gilt in der Bibel nicht nur als ein g\u00e4ngiges Nahrungsmittel, er steht dort auch als Synonym f\u00fcr Lebensfreude und Wohlstand. Neben der Verk\u00f6stigung verschiedener Weine steht die Begegnung mit dem Wein im Christentum im Mittelpunkt des Abends.<\/p>\n<p><strong>Termin<\/strong>: \u00a0 Freitag, <strong>26.06.26<\/strong>, <strong>18.30 <\/strong>\u2013 ca.<strong> 21.00 Uhr<\/strong><br \/><strong>Anmeldung<\/strong> bis <strong>22.06.2026<\/strong> unter\u00a0<a href=\"https:\/\/veranstaltungen.dekanat-ostalb.de\/wein\" target=\"_blank\" rel=\"noopener\">https:\/\/veranstaltungen.dekanat-ostalb.de\/wein<\/a> oder 07961-9249170-14.<br \/><strong>Ort<\/strong>: \u00a0\u00a0\u00a0\u00a0\u00a0\u00a0\u00a0 Kapitelsaal im Jeningenheim, Ellwangen<br \/><strong>Leitung<\/strong>: Ansgar Baumann, Patricia Krombholz<br \/><strong>Kosten<\/strong>:\u00a0 \u00a030,00 \u20ac<\/p>\n\n\n<hr class=\"wp-block-separator has-alpha-channel-opacity\"\/>\n\n\n\n<h2 class=\"wp-block-heading\"><strong>Vater-Kind-Wochenende<\/strong><\/h2>\n\n\n<div class=\"wp-block-image\">\n<figure class=\"aligncenter size-full is-resized\"><img loading=\"lazy\" decoding=\"async\" width=\"408\" height=\"409\" src=\"https:\/\/landpastoral-schoenenberg.de\/wp-content\/uploads\/2020\/05\/21-Wochenende-f\u00fcr-V\u00e4ter-mit-Kind-e1740492606718.jpg\" alt=\"\" class=\"wp-image-2384\" style=\"width:400px\" srcset=\"https:\/\/landpastoral-schoenenberg.de\/wp-content\/uploads\/2020\/05\/21-Wochenende-f\u00fcr-V\u00e4ter-mit-Kind-e1740492606718.jpg 408w, https:\/\/landpastoral-schoenenberg.de\/wp-content\/uploads\/2020\/05\/21-Wochenende-f\u00fcr-V\u00e4ter-mit-Kind-e1740492606718-300x300.jpg 300w, https:\/\/landpastoral-schoenenberg.de\/wp-content\/uploads\/2020\/05\/21-Wochenende-f\u00fcr-V\u00e4ter-mit-Kind-e1740492606718-150x150.jpg 150w\" sizes=\"auto, (max-width: 408px) 100vw, 408px\" \/><\/figure>\n<\/div>\n\n<p>Gemeinsam Zeit verbringen, \u00dcbernachtung im (selbst mitgebrachten) Zelt, Freizeitangebote (in der Natur), Lagerfeuer, Abendlob, \u2026<\/p>\n<p><strong>Termin<\/strong>: \u00a0 Samstag, <strong>04.07.2026<\/strong> (11.00 Uhr) \u2013 Sonntag, <strong>05.07.2026<\/strong> (11.00 Uhr)<br \/><strong>Anmeldung<\/strong> bis <strong>30.06.2026<\/strong> unter\u00a0<a href=\"https:\/\/veranstaltungen.dekanat-ostalb.de\/vater-kind\" target=\"_blank\" rel=\"noopener\">https:\/\/veranstaltungen.dekanat-ostalb.de\/vater-kind<\/a> oder 07961-9249170-14.<br \/><strong>Ort<\/strong>: \u00a0\u00a0\u00a0\u00a0\u00a0\u00a0\u00a0 Wiese am Pumpenhaus, bei den Schlossweihern, Ellwangen<br \/><strong>Leitung<\/strong>:\u00a0 Ansgar Baumann, Andreas Ruiner<br \/><strong>Kosten<\/strong>: \u00a0 28,00 \u20ac pro Vater + Kind, jedes weitere Kind 9,00 \u20ac<\/p>\n\n\n<hr class=\"wp-block-separator has-alpha-channel-opacity\"\/>\n\n\n\n<figure class=\"wp-block-image size-full\"><img loading=\"lazy\" decoding=\"async\" width=\"857\" height=\"605\" src=\"https:\/\/landpastoral-schoenenberg.de\/wp-content\/uploads\/2026\/03\/MTT-Homepage.png\" alt=\"\" class=\"wp-image-6176\" srcset=\"https:\/\/landpastoral-schoenenberg.de\/wp-content\/uploads\/2026\/03\/MTT-Homepage.png 857w, https:\/\/landpastoral-schoenenberg.de\/wp-content\/uploads\/2026\/03\/MTT-Homepage-300x212.png 300w, https:\/\/landpastoral-schoenenberg.de\/wp-content\/uploads\/2026\/03\/MTT-Homepage-768x542.png 768w\" sizes=\"auto, (max-width: 857px) 100vw, 857px\" \/><\/figure>\n\n\n\n<hr class=\"wp-block-separator has-alpha-channel-opacity\"\/>\n\n\n\n<h2 class=\"wp-block-heading\"><strong>Einf\u00fchrungskurs f\u00fcr Kommunionhelfer:innen<\/strong><\/h2>\n\n\n<div class=\"wp-block-image\">\n<figure class=\"aligncenter size-large is-resized\"><img loading=\"lazy\" decoding=\"async\" width=\"1024\" height=\"1024\" src=\"https:\/\/landpastoral-schoenenberg.de\/wp-content\/uploads\/2024\/05\/Kommunionhelfer1-1024x1024.jpg\" alt=\"\" class=\"wp-image-5120\" style=\"width:400px\" srcset=\"https:\/\/landpastoral-schoenenberg.de\/wp-content\/uploads\/2024\/05\/Kommunionhelfer1-1024x1024.jpg 1024w, https:\/\/landpastoral-schoenenberg.de\/wp-content\/uploads\/2024\/05\/Kommunionhelfer1-300x300.jpg 300w, https:\/\/landpastoral-schoenenberg.de\/wp-content\/uploads\/2024\/05\/Kommunionhelfer1-150x150.jpg 150w, https:\/\/landpastoral-schoenenberg.de\/wp-content\/uploads\/2024\/05\/Kommunionhelfer1-768x768.jpg 768w, https:\/\/landpastoral-schoenenberg.de\/wp-content\/uploads\/2024\/05\/Kommunionhelfer1-1536x1536.jpg 1536w, https:\/\/landpastoral-schoenenberg.de\/wp-content\/uploads\/2024\/05\/Kommunionhelfer1.jpg 1970w\" sizes=\"auto, (max-width: 1024px) 100vw, 1024px\" \/><\/figure>\n<\/div>\n\n<p>Ausbildungskurs in Kooperation mit dem Institut f\u00fcr Fort- und Weiterbildung.<\/p>\n<p><strong>Termin<\/strong>: \u00a0 Samstag, <strong>26.09.2026<\/strong>, 9.00 \u2013 17.00 Uhr<br \/><strong>Anmeldung<\/strong> bis <strong>26.08.2026<\/strong> nur online m\u00f6glich:\u00a0<a href=\"https:\/\/institut-fwb.de\/kursdetail\/kurs\/einfuehrungskurs-kommunionhelfer-innen-in-ellwangen-1\" target=\"_blank\" rel=\"noopener\">https:\/\/institut-fwb.de\/kursdetail\/kurs\/einfuehrungskurs-kommunionhelfer-innen-in-ellwangen-1<\/a>\u00a0<br \/><strong>Ort<\/strong>:\u00a0 \u00a0 \u00a0 \u00a0 Tagungshaus Sch\u00f6nenberg, Ellwangen<br \/><strong>Leitung<\/strong>:\u00a0 Ansgar Baumann, Ingrid Beck<\/p>\n\n\n<hr class=\"wp-block-separator has-alpha-channel-opacity\"\/>\n\n\n\n<h2 class=\"wp-block-heading\"><strong>meet &#8211; eat &#8211; thinkabout<\/strong><\/h2>\n\n\n<div class=\"wp-block-image\">\n<figure class=\"aligncenter size-full is-resized\"><img loading=\"lazy\" decoding=\"async\" width=\"1024\" height=\"768\" src=\"https:\/\/landpastoral-schoenenberg.de\/wp-content\/uploads\/2025\/12\/meet-eat-thinkabout-edited.jpg\" alt=\"\" class=\"wp-image-6051\" style=\"aspect-ratio:4\/3;object-fit:cover;width:450px\" srcset=\"https:\/\/landpastoral-schoenenberg.de\/wp-content\/uploads\/2025\/12\/meet-eat-thinkabout-edited.jpg 1024w, https:\/\/landpastoral-schoenenberg.de\/wp-content\/uploads\/2025\/12\/meet-eat-thinkabout-edited-300x225.jpg 300w, https:\/\/landpastoral-schoenenberg.de\/wp-content\/uploads\/2025\/12\/meet-eat-thinkabout-edited-768x576.jpg 768w\" sizes=\"auto, (max-width: 1024px) 100vw, 1024px\" \/><\/figure>\n<\/div>\n\n<p>Zusammenkommen, miteinander essen und nachsinnen. Jede und jeder bringt, was sie\/er hat. Wir teilen miteinander unser Essen und kommen ungezwungen ins Gespr\u00e4ch \u00fcber den Glauben und das Leben.<\/p>\n<p><strong>Termine<\/strong>:\u00a0 Freitag, <strong>xx.xx.26<\/strong>, <strong>19.00 \u2013 ca. 21.00 Uhr<\/strong>; weitere Termine werden dann vereinbart.<br \/><strong>Ort<\/strong>:\u00a0 \u00a0 \u00a0 \u00a0 \u00a0Gemeindehaus St. Alfons, Sch\u00f6nenberg<br \/><strong>Leitung<\/strong>:\u00a0 Ansgar Baumann<br \/>Eine Anmeldung bis zwei Tage vor der Veranstaltung ist hilfreich:\u00a0<a href=\"https:\/\/veranstaltungen.dekanat-ostalb.de\/meeath\" target=\"_blank\" rel=\"noopener\">https:\/\/veranstaltungen.dekanat-ostalb.de\/meeath<\/a>\u00a0oder 07961-9249170-14.<\/p>\n\n\n<hr class=\"wp-block-separator has-alpha-channel-opacity\"\/>\n\n\n\n<p><\/p>\n","protected":false},"excerpt":{"rendered":"<p>Radpilgern Auf der vorgegebenen Strecke, die individuell befahren werden kann, finden sich unterwegs Stationen mit spirituellen Impulsen. Nach Anmeldung wird der genaue Streckenverlauf zugeschickt. Die Route verl\u00e4uft im Gebiet zwischen &#8230; <a title=\"Landpastoral\" class=\"read-more\" href=\"https:\/\/landpastoral-schoenenberg.de\/\" aria-label=\"Mehr Informationen \u00fcber Landpastoral\">Weiterlesen<\/a><\/p>\n","protected":false},"author":2,"featured_media":0,"parent":0,"menu_order":0,"comment_status":"closed","ping_status":"closed","template":"","meta":{"footnotes":""},"class_list":["post-402","page","type-page","status-publish"],"_links":{"self":[{"href":"https:\/\/landpastoral-schoenenberg.de\/index.php?rest_route=\/wp\/v2\/pages\/402","targetHints":{"allow":["GET"]}}],"collection":[{"href":"https:\/\/landpastoral-schoenenberg.de\/index.php?rest_route=\/wp\/v2\/pages"}],"about":[{"href":"https:\/\/landpastoral-schoenenberg.de\/index.php?rest_route=\/wp\/v2\/types\/page"}],"author":[{"embeddable":true,"href":"https:\/\/landpastoral-schoenenberg.de\/index.php?rest_route=\/wp\/v2\/users\/2"}],"replies":[{"embeddable":true,"href":"https:\/\/landpastoral-schoenenberg.de\/index.php?rest_route=%2Fwp%2Fv2%2Fcomments&post=402"}],"version-history":[{"count":1579,"href":"https:\/\/landpastoral-schoenenberg.de\/index.php?rest_route=\/wp\/v2\/pages\/402\/revisions"}],"predecessor-version":[{"id":6249,"href":"https:\/\/landpastoral-schoenenberg.de\/index.php?rest_route=\/wp\/v2\/pages\/402\/revisions\/6249"}],"wp:attachment":[{"href":"https:\/\/landpastoral-schoenenberg.de\/index.php?rest_route=%2Fwp%2Fv2%2Fmedia&parent=402"}],"curies":[{"name":"wp","href":"https:\/\/api.w.org\/{rel}","templated":true}]}}